{"id":44,"date":"2013-01-23T08:22:07","date_gmt":"2013-01-23T08:22:07","guid":{"rendered":"http:\/\/valokuvakeskusnykyaika.fi\/wp\/?page_id=44"},"modified":"2021-01-19T12:31:38","modified_gmt":"2021-01-19T10:31:38","slug":"tapahtumat","status":"publish","type":"page","link":"http:\/\/valokuvakeskusnykyaika.fi\/en\/tapahtumat\/","title":{"rendered":"Events"},"content":{"rendered":"<h3>Nykyaikaan on maksuton sis\u00e4\u00e4np\u00e4\u00e4sy. Tervetuloa!<em style=\"color: #800080;\"><br \/>\n<\/em><strong><br \/>\nTammikuussa:<\/strong><\/h3>\n<p><strong>Anna Hyrkk\u00e4sen ja Heidi Saram\u00e4en taiteilijatapaaminen su 24.1.2021 klo 14-16.<br \/>\n<\/strong>Taiteilijat esittelev\u00e4t n\u00e4yttelyns\u00e4 Varmuuden harhakuvitelmat III ja kertovat ty\u00f6skentelyst\u00e4\u00e4n . Tilaisuuteen on vapaa p\u00e4\u00e4sy, tervetuloa!<\/p>\n<p><strong>\u00a0<\/strong><\/p>\n<p><strong>\u00a0<\/strong><\/p>\n<pre style=\"text-align: justify; padding-left: 30px;\"><span style=\"color: #999999;\"><em>HALUATKO TEHD\u00c4 YHTEISTY\u00d6T\u00c4? Galleriassamme pyrit\u00e4\u00e4n j\u00e4rjest\u00e4m\u00e4\u00e4n oheisohjelmaa joka kuukausi. \nJoskus tapahtumat tehd\u00e4\u00e4n pitk\u00e4ll\u00e4 harkinnalla, toisinaan nopeasti kokeillen. \nJ\u00e4rjest\u00e4mme tapahtumia yhteisty\u00f6ss\u00e4 taiteilijoiden ja eri organisaatioiden kanssa, \nmm. taiteilijatapaamisia, luentoja, ty\u00f6pajoja, seminaareja. <\/em><\/span>\n<span style=\"color: #999999;\"><em>Mik\u00e4li olet valokuvasta ja visuaalisesta kulttuurista kiinnostunut kulttuuritoimija \nPirkanmaalla ja sinulla on idea kiinnostavasta tapahtumasta, ota yhteytt\u00e4 toiminnanjohtajaamme. \nHakeudumme mielell\u00e4mme kuvakulttuuriseen yhteisty\u00f6h\u00f6n pirkanmaalaisten aktivoimiseksi.<\/em><\/span><\/pre>\n<p>P A S T      E V E N T S :<\/p>\n<h3><span style=\"text-decoration: underline;\"><span style=\"color: #000000; text-decoration: underline;\">2018<\/span><\/span><\/h3>\n<h3><\/h3>\n<h3><strong>Taiteilijatapaaminen 26.2.2018<\/strong><\/h3>\n<p><span style=\"color: #282828;\"><span style=\"font-family: Roboto;\">Kimmo Ojaniemi esitteli n\u00e4yttelyns\u00e4 <em>Taivaan Merkit \u2013 Celestial Signs <\/em><\/span><\/span><\/p>\n<h3><strong>Liveskanografiaa ja nykykansanmusiikkia <\/strong>21.1. 2018<strong><br \/>\n<\/strong><\/h3>\n<p><span style=\"color: #282828;\"><span style=\"font-family: Roboto;\">V<\/span><\/span><span style=\"color: #282828;\"><span style=\"font-family: Roboto;\">alokuvataiteilija Kira Leskinen, kansanlaulaja Amanda Kauranne ja \u00e4\u00e4nitaiteilija Mikko H. Haapoja improvisoivat \u00e4\u00e4nen ja kuvan keinoilla. Leskinen toteutti esityksen aikana tasoskannerilla uusia teoksia eli liveskanografiaa.<br \/>\n<\/span><\/span><\/p>\n<h3><strong>Meditaatioty\u00f6paja <\/strong>27.1.2018<\/h3>\n<p>Mikko Haikon n\u00e4yttelyn yhteydess\u00e4 j\u00e4rjestettiin ohjattu meditaatioty\u00f6paja\u200b jossa k\u00e4sitteltiin maisemaa meditatiivisena kokemuksena. Lis\u00e4ksi Haiko esitteli n\u00e4yttelyns\u00e4 yleis\u00f6lle.<\/p>\n<h3><span style=\"text-decoration: underline;\"><span style=\"color: #000000; text-decoration: underline;\">2017<\/span><\/span><\/h3>\n<h3><strong>Pop up <\/strong>16.12.2017<\/h3>\n<p>Joulukuussa\u00a0 j\u00e4rjestettiin Pop-up lyhytelokuvan\u00e4yt\u00f6s lapsille ja aikuisille<br \/>\nValokuvakeskus Nykyajassa. <span style=\"color: #800080;\"><a style=\"color: #800080;\" href=\"http:\/\/www.av-arkki.fi\/fi\/\">AV &#8211; arkin<\/a> <\/span>lastenn\u00e4yt\u00f6s juhlisti <span style=\"color: #800080;\"><a style=\"color: #800080;\" href=\"http:\/\/www.lyhytelokuvapaiva.fi\/yleteemanaytos\">Kansainv\u00e4list\u00e4 lyhytelokuvap\u00e4iv\u00e4\u00e4<\/a><\/span><\/p>\n<h3><strong>Galleriaviikko <\/strong>marraskuussa 2017<\/h3>\n<p><span style=\"color: #000000;\"><span style=\"color: #999999;\"><span style=\"color: #000000;\">Galleriaviikkoa vietettiin<\/span> <\/span>Tampereella 13.-19.11.2017.<br \/>\nKaikkien osallistuvien gallerioiden\u00a0<a href=\"http:\/\/www.tampereengalleriaviikko.fi\/index.html\"> <span style=\"color: #999999;\">tapahtumat\u00a0<\/span><\/a> <\/span><\/p>\n<p>Kukka-Maria Rosenlundin taiteilijatapaaminen pidettiin Nykyajassa<br \/>\nlauantaina <strong>18.11.2017.<br \/>\n<\/strong><\/p>\n<h3><strong>Luento <\/strong>24.10.2017<\/h3>\n<p>Jaana Tyrmi piti luennon syanotypiasta ja esitteli n\u00e4yttelyns\u00e4<\/p>\n<h3><span style=\"text-decoration: underline;\"><span style=\"color: #000000; text-decoration: underline;\"><span style=\"color: #808080;\"><a style=\"color: #808080;\" href=\"http:\/\/backlight.fi\/\" target=\"_blank\" rel=\"noopener noreferrer\">Backlight Photo Festival<\/a> <\/span>&#8211; 9. syyskuuta &#8211; 29. lokakuuta 2017 oheistapahtumat <span style=\"color: #808080;\"><a style=\"color: #808080;\" href=\"http:\/\/backlight.fi\/2017-exhibition\/2017-venues\/\" target=\"_blank\" rel=\"noopener noreferrer\">n\u00e4yttelypaikoittain<br \/>\n<\/a><\/span><\/span><\/span><span style=\"color: #000000;\"><span style=\"color: #808080;\"><a style=\"color: #808080;\" href=\"http:\/\/backlight.fi\/2017-exhibition\/2017-portfolio-review\/\" target=\"_blank\" rel=\"noopener noreferrer\"><br \/>\n<\/a><\/span><\/span><\/h3>\n<p><span style=\"color: #000000;\"><span style=\"color: #808080;\"><a style=\"color: #808080;\" href=\"http:\/\/backlight.fi\/2017-exhibition\/2017-portfolio-review\/\" target=\"_blank\" rel=\"noopener noreferrer\">Portfolio Review<\/a><\/span>, 9. 9. Tampereella<br \/>\nBacklight \u00b417 portfoliokatselmus<strong><br \/>\n<\/strong><\/span><\/p>\n<h3><span style=\"color: #000000;\">Taiteilija tavattavissa 30.8.2017<\/span><\/h3>\n<p>Simo Kaarsalo oli tavattavissa Nykyajassa n\u00e4yttelyns\u00e4 ensimm\u00e4isen\u00e4 aukiolop\u00e4iv\u00e4n\u00e4 klo 16.00-18.00.<br \/>\nLis\u00e4tietoja <a href=\"http:\/\/www.tadaweek.com\/ohjelma\/\"><span style=\"color: #808080;\">TADA viikon tapahtumista<\/span><\/a>.<\/p>\n<h3><span style=\"color: #000000;\"><br \/>\nTapahtumien Y\u00f6 10.8. klo 17-18<\/span><\/h3>\n<p><em>Mill\u00e4 tavoin \u201dliikkuva aika\u201d vaikuttaa ymp\u00e4rist\u00f6n kokemiseen ja havainnointiin?<\/em> Taiteilijatapaamisessa Viivi Nieminen esitteli n\u00e4yttelyns\u00e4 24\/25 ja keskusteli sen taustalla olevasta aikakokeestaan, jossa h\u00e4n 24 p\u00e4iv\u00e4n ajan siirsi joka p\u00e4iv\u00e4 kelloa tunnin taaksep\u00e4in.<\/p>\n<h3><span style=\"color: #000000;\">Taiteilijatapaaminen ja n\u00e4yttelyesittelyt:<\/span><\/h3>\n<p>Marja-Liisa Torniainen esitteli n\u00e4yttelyns\u00e4 11.6.,\u00a0 21.6., 28.6. sek\u00e4 2.7.<\/p>\n<h3><span style=\"color: #000000;\">Paneelikeskustelu 11.6.<\/span><\/h3>\n<p>Paneelikeskustelu TAIDE, TIEDE JA MY\u00d6T\u00c4TUNNON POLITIIKKA<br \/>\nOsallistujat: Tampereen yliopisto, tutkija Anna-Kaisa Kuusisto-Arponen \/ Kaupin vastaanottokeskuksen varajohtaja Tommi Helevirta ja asukkaat Asmahan Kazem ja Ali Ghazi Al-Saaid \/ Tampereen kaupunginvaltuuston j\u00e4sen Milka Hanhela \/ Taiteilija, Tampereen taiteilijaseuran j\u00e4sen Raman Hussain. Moderaattoreina toimivat taiteilijat Anne Lehtel\u00e4 ja Marja-Liisa Torniainen<em>.<\/em><\/p>\n<h3><span style=\"color: #000000;\">Yleis\u00f6kierroksia 17.5. &#8211; 18.5<br \/>\n<\/span><\/h3>\n<p><span style=\"color: #333333;\">Kierrosten lis\u00e4ksi Touko Hujanen oli tavattavissa gallerialla muinakin p\u00e4ivin\u00e4. Yleis\u00f6 antoi juttuvinkkej\u00e4, joiden per\u00e4ss\u00e4 Hujanen ja h\u00e4nen Uuden Maan Sanomat toimituksen vierailevat journalistit liikkuivat kaupungilla.<br \/>\n<\/span><\/p>\n<h3>\u00a0<span style=\"color: #000000;\"><span style=\"color: #800080;\"><span style=\"color: #000000;\">Taidesuunnistus; pop up -ty\u00f6huone<\/span><\/span> La 22.4. \u2013 Su 23.4. <\/span><\/h3>\n<p>Taidesuunnistuksen ajaksi k\u00e4sikirjastomme muuttui kuvataiteilija <strong>Saara Sillanp\u00e4\u00e4n<\/strong> ty\u00f6pisteeksi (<em>kohdenro 82<\/em>). Laura Nissisen ja Unski Antti Immosen n\u00e4yttelyt olivat avoinna Taidesuunnistuksen poikkeusaukioloin klo 11-17 (<em>kohdenro 97<\/em>).<\/p>\n<h3>\u00a0<span style=\"color: #000000;\">Luento La 1.4.\u00a0<span style=\"color: #800080;\"><span style=\"color: #000000;\"> Luento <\/span><br \/>\n<\/span><\/span><\/h3>\n<p>Laura Nissisen luento &#8221;<em>Abstraktio suomalaisessa valokuvataiteessa<\/em>&#8221; k\u00e4sitteli suomalaisen valokuva-abstraktion historiaa ja nykyp\u00e4iv\u00e4\u00e4.<\/p>\n<h3>\u00a0<span style=\"color: #000000;\">Julkinen taidekritiikki Ma 13.3.<br \/>\n<\/span><\/h3>\n<p><span style=\"font-size: small;\">Kaikille avoin mahdollisuus n\u00e4hd\u00e4 millainen on kritiikkikeskustelu, jota kuvataideopiskelijat saavat koulutuksessaan. Puolitoistatuntisessa tilanteessa Tampereen ammattikorkeakoulusta valmistuvat kuvataiteilijat kuulivat opettajien, toisten kuvataiteilijoiden ja kuvataideinstituution edustajan kommentteja lopputy\u00f6n\u00e4yttelyst\u00e4\u00e4n.<br \/>\n<\/span><\/p>\n<h3><span style=\"color: #000000;\">Taiteilijatapaaminen Ma 27.2. <\/span><\/h3>\n<p>Martti Matilainen <em>Mun Stadi<\/em> -n\u00e4yttelyns\u00e4 taiteilijatapaamisessa.<\/p>\n<h3><span style=\"color: #000000;\">Taiteilijatapaaminen Su 22.1.\u00a0 <\/span><\/h3>\n<p>Leena Yl\u00e4-Lyly esitteli n\u00e4yttelyns\u00e4 <em>Marraskuu<\/em> ja keskusteli teossarjan teemoista.<\/p>\n<h3><span style=\"text-decoration: underline;\"><span style=\"color: #000000; text-decoration: underline;\">2016<\/span><\/span><\/h3>\n<h3><span style=\"color: #000000;\">Pe 16.12. Taiteilijatapaaminen <\/span><\/h3>\n<p>Kangas-ty\u00f6ryhm\u00e4n valokuvaajat <strong>Mikko Auerniitty, Kapa <\/strong>and<strong> Rune Snellman<\/strong> kertoivat <strong>Kangas, katoava tehdas <\/strong>-dokumenttiprojektin taustoista ja vastaavat yleis\u00f6n kysymyksiin.<\/p>\n<h3><span style=\"color: #000000;\">Su 20.11. Taiteilijatapaaminen <\/span><\/h3>\n<p>Kati Leinonen kertoi \u00c4im\u00e4rautio-projektistaan ja teosten m\u00e4rk\u00e4levytekniikasta.<\/p>\n<h3><\/h3>\n<h3>Su 23.10. Keskustelutilaisuus<\/h3>\n<p>Valokuvataiteilija <strong>Wilma Hurskainen<\/strong> ja vapaa kirjoittaja, FM <strong>Sanna Lipponen<\/strong> keskustelevat ihmisten ja el\u00e4inten esitt\u00e4misest\u00e4 valokuvissa su 23.10. klo 14-15. Ennakkoesittelyss\u00e4 Wilman uusi valokuvakirja The Woman Who Married a Horse, johon Lipponen on kirjoittanut esseen.<\/p>\n<h3>Ti 4.10. Afterwork.<\/h3>\n<p>Yrityksille ja yhteis\u00f6ille suunnattu tapahtuma ja kuvasalkun julkistaminen<\/p>\n<h3>To 22.9. Kuraattorivierailu<\/h3>\n<p>Kuraattori<strong> Carlo Trivelli<\/strong> (Lima Photography Biennale). Tutustuminen taiteilijoihin, n\u00e4yttelyihin ja portfolioihin.<\/p>\n<h3><span style=\"color: #800080;\"><span style=\"color: #333333;\">3.9. \u2013 4.10. Ruoka-teemaisessa syyskuussa n\u00e4yttelyn oheisohjelmaa joka viikko:<br \/>\n<\/span><\/span><\/h3>\n<ul>\n<li><strong>4.10.<\/strong> Kuinka kermaa vatkataan -performanssi, <strong>Helin\u00e4 Hukkataival<\/strong><\/li>\n<li><span style=\"color: #000000;\"><strong><span style=\"color: #333333;\">2.10.<\/span> <\/strong><span style=\"color: #333333;\">Lauluja palan painikkeeksi; <\/span><\/span><span style=\"color: #333333;\"><strong>Soile Iivosen <\/strong>and<strong> Sinikka T\u00f6rm\u00e4l\u00e4n<\/strong> konsertti<br \/>\n<\/span><\/li>\n<li><strong>25<\/strong><span style=\"color: #ff00ff;\"><span style=\"color: #333333;\"><strong>.9.<\/strong><\/span><\/span>Vinkkej\u00e4 ruokakuvaukseen -demo: ruokatoimittaja <strong>Elina Ylitervo<\/strong> ja valokuvaaja <strong>Konsta Lepp\u00e4nen.<br \/>\n<\/strong><\/li>\n<li><span style=\"color: #ff00ff;\"><span style=\"color: #333333;\"><strong>18.9.<\/strong> Ruokavirkkausta: <\/span><\/span><span style=\"color: #ff00ff;\"><span style=\"color: #000000;\"><span style=\"color: #333333;\">n\u00e4yttelij\u00e4 <strong>Elisa Piispasen<\/strong> virkkauskerho. <\/span><\/span><\/span><\/li>\n<li><span style=\"color: #333333;\"><strong>11.9.<\/strong> <\/span>Taiteilijavoileipi\u00e4 valmistivat <span class=\"_4n-j fsl\"><strong>Helin\u00e4 Hukkataival, Heli Tiainen <\/strong>and<strong> Maisa Heiskanen<\/strong><\/span>.<\/li>\n<\/ul>\n<p><span style=\"color: #333333;\"><em>Syyskuussa #jokap\u00e4iv\u00e4inenruokamme -n\u00e4yttelyyn liittyen osallisuutta my\u00f6s:<img loading=\"lazy\" decoding=\"async\" class=\"size-thumbnail wp-image-1659 alignright\" src=\"http:\/\/valokuvakeskusnykyaika.fi\/wp-content\/uploads\/2013\/01\/FullSizeRender-19-290x290.jpg\" alt=\"Taiteilijaleipi\u00e4\" width=\"290\" height=\"290\" \/><\/em><br \/>\n<\/span><\/p>\n<ul>\n<li><span style=\"color: #333333;\">N\u00e4lk\u00e4p\u00e4iv\u00e4ker\u00e4ys 15.-17.9.<br \/>\n<\/span><\/li>\n<li><span style=\"color: #333333;\">Instagram-kisa: hastag <em>#jokap\u00e4iv\u00e4inenruokamme<\/em> Parhaista n\u00e4yttelyn aikana ladatuista yleis\u00f6n kuvista palkittiin valokuvakirjoilla. <\/span><\/li>\n<li><span style=\"color: #333333;\">Reseptivaihto: galleriaan sai tuoda omia reseptej\u00e4\u00e4n ja ottaa niit\u00e4 mukaansa. <\/span><\/li>\n<li><span style=\"color: #333333;\">Instagram-kuvia ja reseptej\u00e4 my\u00f6s tulostettiin gallerian ikkunaan (ulos ja sis\u00e4lle), josta niit\u00e4 sai ottaa mukaansa. <\/span><\/li>\n<li><span style=\"color: #333333;\">N\u00e4yttelyn teemalle haettiin my\u00f6s paikallisia ruokasponsoreita; sadonkorjuujuhlan hengess\u00e4 n\u00e4yttelyss\u00e4 oli joka p\u00e4iv\u00e4 jotain suuhun pantavaa.<\/span><\/li>\n<\/ul>\n<h3><span style=\"color: #800080;\"><span style=\"color: #333333;\">La-Su 20. \u2013 21.8.2016 ty\u00f6paja<\/span><br \/>\n<\/span><\/h3>\n<p><strong>Elokuussa<\/strong> kaksip\u00e4iv\u00e4isen kuvausty\u00f6pajan piti <strong>Julia Weckman<\/strong>. Lauantaina 20.8. h\u00e4n alusti teht\u00e4v\u00e4\u00e4 ja jakoi kuvauspaikat kartalta. Ty\u00f6pajan osallistujilla oli aikaa kuvata ja k\u00e4sitell\u00e4 kuvansa sunnuntai-iltap\u00e4iv\u00e4\u00e4n, jolloin kuvausteht\u00e4v\u00e4t k\u00e4ytiin yhdess\u00e4 l\u00e4pi.<\/p>\n<h3><span style=\"color: #800080;\"><span style=\"color: #333333;\">Ti 2.8.2016 ty\u00f6paja\/esittely<\/span><br \/>\n<\/span><\/h3>\n<p>N\u00e4yttelyns\u00e4 viimeisen\u00e4 p\u00e4iv\u00e4n\u00e4 <strong>Juha Mustonen<\/strong> esitteli prosessiaan &#8221;Less is more&#8221; -ty\u00f6pajassaan.<\/p>\n<h3><span style=\"color: #800080;\"><span style=\"color: #333333;\">Ti 14.6.2016 ty\u00f6paja<\/span><br \/>\n<\/span><\/h3>\n<p>Kes\u00e4kuussa valokuvataiteilija <strong>Martti J\u00e4ms\u00e4<\/strong> piti ty\u00f6pajan, jossa h\u00e4n kertoi erilaisista mahdollisuuksista luoda taitelijakirjoja ja tehd\u00e4 pienpainoksia. Pajaan osallistuvat saivat palautetta omista kuvistaan ja vinkkej\u00e4 vied\u00e4 sarjojaan eteenp\u00e4in.<\/p>\n<h3><span style=\"color: #000000;\">\u00a0<\/span><\/h3>\n<div id=\"attachment_1503\" class=\"wp-caption alignleft\"><img loading=\"lazy\" decoding=\"async\" aria-describedby=\"caption-attachment-1503\" class=\"size-thumbnail wp-image-1503\" src=\"http:\/\/valokuvakeskusnykyaika.fi\/wp-content\/uploads\/2013\/01\/13240523_1333184843364031_444401322391707470_n-290x290.jpg\" alt=\"Toukokuun ty\u00f6pajan yhteis\u00f6llinen kuvaussessio\" width=\"290\" height=\"290\" \/><p id=\"caption-attachment-1503\" class=\"wp-caption-text\">Toukokuun ty\u00f6pajan yhteis\u00f6llinen kuvaussessio<\/p><\/div>\n<h3><span style=\"color: #333333;\">Ke 18.5.2016 ty\u00f6paja<br \/>\n<\/span><\/h3>\n<p>Toukokuun ty\u00f6pajassa ty\u00f6stet\u00e4\u00e4n yhdess\u00e4 valokuvaaja <strong>Pekka Elomaan, Jussi Ratian <\/strong>and<strong> Olli-Pekka\u00a0 Lappisen<\/strong> (Lyhdyn ty\u00f6paja) kanssa muotokuvia. Oman muotokuvansa tulee saamaan omaan k\u00e4ytt\u00f6\u00f6n digitaalisena.<\/p>\n<div id=\"attachment_1448\" class=\"wp-caption alignleft\"><img loading=\"lazy\" decoding=\"async\" aria-describedby=\"caption-attachment-1448\" class=\"size-medium wp-image-1448\" src=\"http:\/\/valokuvakeskusnykyaika.fi\/wp-content\/uploads\/2015\/12\/sid-tang-300x193.jpg\" alt=\"Sid Tangerine INTAC\" width=\"300\" height=\"193\" \/><p id=\"caption-attachment-1448\" class=\"wp-caption-text\">Sid Tangerine INTAC<\/p><\/div>\n<h3><span style=\"color: #333333;\">Su 24.4.2016 Haunted Sound -performanssi<\/span><\/h3>\n<p><span style=\"color: #333333;\">Sunnuntaina 24.4. klo 15 luvassa my\u00f6s <strong>Sid Tangerinen\u00a0<\/strong>Haunted Sound: Nykyaika t\u00e4yttyy ambient dronen ja industrial teknon \u00e4\u00e4nill\u00e4. Tangerine on Kanadan Torontossa asuva multimediataiteilija ja muusikko.\u00a0<strong>\u00a0<\/strong><\/span><\/p>\n<h3><\/h3>\n<h3><\/h3>\n<h3><span style=\"color: #333333;\">La 23.4. &#8211; Su 24.4.2016 Taidesuunnistus<\/span><\/h3>\n<p>Nykyaika on avoinna Taidesuunnistuksessa (poikkeusaukiolo klo 11-17), jolloin tavattavissa\u00a0 on INTAC-joukon suomalaisia sek\u00e4 ulkomaisia tekij\u00f6it\u00e4. Yleis\u00f6ll\u00e4 on mahdollisuus kysy\u00e4 tekij\u00f6ilt\u00e4 suoraan teosten taustoista, pohtia teemaa ja keskustella kansainv\u00e4lisen yhteisty\u00f6n luonteesta.<\/p>\n<h3>La 6.2.2016 luento<\/h3>\n<p><span class=\"fsl\"><img loading=\"lazy\" decoding=\"async\" class=\"alignleft size-medium wp-image-1383\" src=\"http:\/\/valokuvakeskusnykyaika.fi\/wp-content\/uploads\/2013\/01\/20130518-Ulla-Maija-Louhela53-2-300x200.jpg\" alt=\"20130518 Ulla-Maija Louhela53 (2)\" width=\"300\" height=\"200\" \/>Helmikuun oheisohjelmana KM <strong>Ulla-Maija Louhela<\/strong> luento 6.2. klo 13 \u201dUrbaania leirinuotiota etsim\u00e4ss\u00e4\u201d. Tilaisuuteen on vapaa p\u00e4\u00e4sy.<\/span><\/p>\n<p>L\u00e4hi\u00f6ss\u00e4 kohtaavat monenlaiset ihmiset ja siell\u00e4 on monen suomalaisen koti. Ulla-Maija Louhela luennoi siit\u00e4, miten ihmiset ja heid\u00e4n el\u00e4m\u00e4ntarinansa ovat osa asuinalueen kertomusta. L\u00e4hi\u00f6tarinoita-projektissa<wbr \/> Louhela pystytt\u00e4\u00e4 urbaania leirinuotiota kokoamalla yhteen l\u00e4hi\u00f6ss\u00e4 asuvien ihmisten kokemuksia el\u00e4m\u00e4st\u00e4\u00e4n ja kotiseuduksi muotoutuneesta asuinalueestaan. Osallisuutta edist\u00e4v\u00e4\u00e4 yhteis\u00f6\u00e4 kuvaavassa v\u00e4it\u00f6stutkimuksessaan Louhela etsiytyy syrj\u00e4seudun &#8221;leirinuotioille&#8221; ja kyl\u00e4n tarinankerrontaperinteesee<wbr \/>n.<\/p>\n<h3>La 23.1.2016 keskustelutilaisuus<\/h3>\n<p><strong>Arktisia paradokseja<br \/>\n<\/strong><\/p>\n<p><img loading=\"lazy\" decoding=\"async\" class=\"alignleft size-medium wp-image-1284\" src=\"http:\/\/valokuvakeskusnykyaika.fi\/wp-content\/uploads\/2015\/10\/Colesbukta_coring_LL_MG_0351_triptyykki_sm-300x67.jpg\" alt=\"Colesbukta_coring_LL_MG_0351_triptyykki_sm\" width=\"300\" height=\"67\" \/>Tammikuun oheisohjelmassa lauantaina 23.1. klo 12.30-13.30 keskustelu arktisten alueiden nykytilasta ja mahdollisesta tulevaisuudesta.\u00a0Tilaisuus on englanninkielinen, kysymyksi\u00e4 voi esitt\u00e4\u00e4 suomeksi. Vapaa p\u00e4\u00e4sy ja kahvitarjoilu! Paikalla valokuvataiteilija <strong>Lasse Lecklin<\/strong> (s. 1982) sek\u00e4 tutkimusryhm\u00e4n j\u00e4sen, geologi <strong>Samuel Faucherre<\/strong> (s. 1986) K\u00f6\u00f6penhaminan yliopistosta.<\/p>\n<h3><span style=\"text-decoration: underline;\"><span style=\"color: #000000; text-decoration: underline;\">2015<\/span><\/span><\/h3>\n<div id=\"attachment_1186\" class=\"wp-caption alignright\"><img loading=\"lazy\" decoding=\"async\" aria-describedby=\"caption-attachment-1186\" class=\"size-thumbnail wp-image-1186\" src=\"http:\/\/valokuvakeskusnykyaika.fi\/wp-content\/uploads\/2013\/01\/IMG_5855-290x290.jpg\" alt=\"Petri Nuutinen kertoo n\u00e4yttelyst\u00e4\u00e4n\" width=\"290\" height=\"290\" \/><p id=\"caption-attachment-1186\" class=\"wp-caption-text\">Petri Nuutinen kertoo n\u00e4yttelyst\u00e4\u00e4n<\/p><\/div>\n<h3>Su 13.12.2015 Taiteilijatapaaminen<\/h3>\n<p><em>Miten havainnosta syntyy taideteos? Miksi valokuvaan ei riit\u00e4 suorakaiteen muoto?<\/em><br \/>\nJoulukuun n\u00e4yttelyss\u00e4 <strong>Petri Nuutinen<\/strong> kertoo ty\u00f6metodeistaan. Tule kuulemaan ja keskustelemaan, kuinka digitaalisuus yhdistyy Nuutisen k\u00e4sity\u00f6n\u00e4 tekem\u00e4\u00e4n vedostustekniikkaan.<br \/>\nN\u00e4yttelyyn ja tilaisuuteen on vapaa p\u00e4\u00e4sy.<\/p>\n<h3>Su 29.11.2015 Esitys<\/h3>\n<p><strong>Koska? -esitys su klo 13.00 ja 15.00<br \/>\n<\/strong><\/p>\n<p>Iiu Susirajan Liika kiltteys ei kannata -n\u00e4yttely innoitti tamperelaisen n\u00e4yttelij\u00e4n <strong>Katri Hy\u00f6tyl\u00e4isen<\/strong> tekem\u00e4\u00e4n henkil\u00f6kohtaisen esityksen n\u00e4yttelyn yhteyteen. Esitys alkaa n\u00e4yttelij\u00e4n laulaessa Liza Minellin tunnetuksi tekem\u00e4\u00e4 laulua <em>New York New York<\/em>, mutta miten Hy\u00f6tyl\u00e4isen <em>Koska?<\/em> etenee, sen n\u00e4et sunnuntaina 29.11. Nykyajassa. Esitys kest\u00e4\u00e4 noin 5-10 minuuttia ja alkaa 13 sek\u00e4 15. Vapaa sis\u00e4\u00e4np\u00e4\u00e4sy &#8211; tervetuloa!<\/p>\n<p>Katri Hy\u00f6tyl\u00e4inen on kuluvana vuonna valmistunut Suomen teatteriopiston n\u00e4yttelij\u00e4ty\u00f6n jatkolinjalta. Aiemmin h\u00e4n on suorittanut teatteriopintoja mm. Lontoossa (Newcastle College ja Actor\u2019s Studio London) sek\u00e4 New Yorkissa (The Neighborhood Playhouse School of the Theatre). Viime vuosina h\u00e4nt\u00e4 on n\u00e4hty muun muassa Tampereen Komediateatterin ja Tukkateatterin lavalla.<\/p>\n<h3>Taiteilijatapaamset, kev\u00e4t 2015:<\/h3>\n<p>Valokuvan kev\u00e4t -n\u00e4yttelysarjaamme Kangasala-talossa liittyiv\u00e4t taiteilijatapaamiset, jotka j\u00e4rjestettiin yhteisty\u00f6ss\u00e4 Kangasalan kirjaston kanssa: <img loading=\"lazy\" decoding=\"async\" class=\"alignright wp-image-1036 size-thumbnail\" src=\"http:\/\/valokuvakeskusnykyaika.fi\/wp-content\/uploads\/2013\/01\/11392873_1105438906138627_7983013376047923396_o-290x290.jpg\" alt=\"11392873_1105438906138627_7983013376047923396_o\" width=\"290\" height=\"290\" \/><\/p>\n<h3>1.2. Susanna Majuri<\/h3>\n<h3>24.3. Marjukka Vainio<\/h3>\n<h3>23.4. Kristoffer Albrecht<\/h3>\n<h3>5.5. Petri Anttonen<\/h3>\n<h3>2.6. Sanni Seppo<\/h3>\n<h3><span style=\"text-decoration: underline;\">2014<\/span>:<\/h3>\n<p><img loading=\"lazy\" decoding=\"async\" class=\"alignnone size-medium wp-image-764\" src=\"http:\/\/valokuvakeskusnykyaika.fi\/wp-content\/uploads\/2013\/01\/10636143_937009916314861_3056800881778105410_n-300x225.jpg\" alt=\"10636143_937009916314861_3056800881778105410_n\" width=\"300\" height=\"225\" \/><\/p>\n<p><strong>* Portfolio Review<\/strong> la 6.9. klo 12-18 Telakka, Tullikamarin aukio<\/p>\n<p>Arvioitsijat:<\/p>\n<p>&#8211; Krzysztof Candrowicz, Lodz Fotofestiwal, Puola &amp; Hamburg Triennial of Photography, Saksa<br \/>\n&#8211; Clare Callagher, Belfast School of Art, University of Ulster, Pohjois-Irlanti<br \/>\n&#8211; Miha Colner, Photon Centre for Contemporary Photography, Slovenia<br \/>\n&#8211; Malcolm Dickson, Street Level Photoworks, Skotlanti<br \/>\n&#8211; Anahita Ghabaian Etehadieh, Silk Road Gallery, Iran<br \/>\n&#8211; Marja Piril\u00e4, Suomi<br \/>\n&#8211; Anna-Kaisa Rastenberger, Suomen valokuvataiteen museo, Suomi<br \/>\n&#8211; Hannamari Shakya, Photo Raw Magazine, Suomi<br \/>\n&#8211; Issa Touma, Aleppo Photo Festival, Syyria<br \/>\n&#8211; Erik Vroons, GUP Magazine, Alankomaat<\/p>\n<p><strong>* 6.9.2014 Festivaaliklubi<\/strong> Telakalla<\/p>\n<p><strong>* 6.-7.9.2014 Taiteilijatapaamiset<\/strong>: TR1, Tampereen taidemuseo, Voipaalan taidekeskus<\/p>\n<p><strong>* 8.-9.9.2014 Workshop and seminar<\/strong> \u201dRepresenting and countering power with photograph\u201d, Tampereen yliopistolla<\/p>\n<p><strong>* 10.9.2014 Keskustelutilaisuus<\/strong>, Elokuvateatteri Niagara<br \/>\nVoiko valokuvilla vaikuttaa yhteiskuntaan ja mit\u00e4 on valokuvan poliittisuus?<br \/>\nAiheesta puhuvat muun muassa valokuvataiteilijat Harri P\u00e4lviranta, Ritva Kovalainen ja Sanni Seppo sek\u00e4 valokuvataiteen tutkija, intendentti Anna-Kaisa Rastenberger. Tapahtuma j\u00e4rjestet\u00e4\u00e4n yhteisty\u00f6ss\u00e4 Poliittisen valokuvan festivaalin (PVF) kanssa.<\/p>\n<p>Katso tarkemmin Backlight \u00b414 -valokuvatapahtuma<a title=\"Backlight \u00b414 Symposium\" href=\"http:\/\/backlight.fi\/category\/symposium\/\" target=\"_blank\" rel=\"noopener noreferrer\"> www.backlight.fi<\/a><\/p>\n<h3><span style=\"text-decoration: underline;\">2013<\/span>:<\/h3>\n<p><img loading=\"lazy\" decoding=\"async\" class=\"alignnone wp-image-695\" src=\"http:\/\/valokuvakeskusnykyaika.fi\/wp-content\/uploads\/2013\/01\/IMG_1184-290x290.jpg\" alt=\"IMG_1184\" width=\"232\" height=\"232\" \/><\/p>\n<p><b>* Portfoliot kuntoon -koulutus: <\/b><\/p>\n<p>K\u00e4yd\u00e4\u00e4n l\u00e4vitse portfolioarviointiin liittyvi\u00e4 kansainv\u00e4lisi\u00e4 k\u00e4yt\u00e4nt\u00f6j\u00e4 sek\u00e4 kehitet\u00e4\u00e4n omaa portfolioesittely\u00e4. Ensimm\u00e4isess\u00e4 tapaamisessa (6.5.2013) kuraattorit Rui Prata (Festival Encontros da Imagem, Portugal) ja Ulrich Haas-Pursiainen neuvoivat osallistujia portfoliosalkun ty\u00f6st\u00e4misess\u00e4 ja esittelyss\u00e4. Kes\u00e4n aikana taiteilijat ty\u00f6stiv\u00e4t itsen\u00e4isesti omia portfoliosalkkujaan. Koulutuksen toinen tapaaminen (20.8.2013) oli portfolioiden esittelyyn keskittyv\u00e4 tilaisuus, jossa arvioitsijoina toimivat Annakaisa Rastenberger (Valokuvataiteen museo), kuraattori Nathalie Belayche (Ranska), professori Dennis DeHart (USA), valokuvauksen opettaja Clare Gallagher (UK\/Irlanti) ja taiteilija Zoe Beausire (Sveitsi).<\/p>\n<p><b>* Tulostusluento 4.9.2013:<\/b><\/p>\n<p>Chris Cranglen luento tulostusmateriaaleista Tampereella.<\/p>\n<p><b>* Tampereen taidemessut 4.\u2013 6.10.2013:<\/b><\/p>\n<p>Nykyajan n\u00e4yttelyosaston kuratoi Antti Haapio, joka valitsi seuraavat j\u00e4senet: Satu Drufva, Katrin Havia, Petri Ihanus, Laura Konttinen, Petri Nuutinen, Marja Piril\u00e4, Marja-Liisa Torniainen, Hans Viebrock.<\/p>\n<h3><img loading=\"lazy\" decoding=\"async\" class=\"wp-image-694 alignnone\" src=\"http:\/\/valokuvakeskusnykyaika.fi\/wp-content\/uploads\/2013\/01\/IMG_1613-290x290.jpg\" alt=\"messut 2013\" width=\"186\" height=\"186\" \/><\/h3>\n<h3><\/h3>\n<h3><span style=\"text-decoration: underline;\">2012<\/span>:<\/h3>\n<p><strong>Nykyajan raunioilla -seminaari 23.11.2013:<\/strong><\/p>\n<p>Valokuvakeskus Nykyaika t\u00e4ytt\u00e4\u00e4 30 vuotta ja juhlii Nykyajan rauniolla -n\u00e4yttelyll\u00e4 Tampereen TR1 Taidehallissa 8.11.\u20139.12. N\u00e4yttelyn yhteydess\u00e4 j\u00e4rjestet\u00e4\u00e4n my\u00f6s sen teemoja l\u00e4hestyv\u00e4 seminaari 23.11. klo 12.00-16.00. Seminaari pidet\u00e4\u00e4n Galleria Berteliss\u00e4, Ty\u00f6v\u00e4enmuseo Werstas, V\u00e4in\u00f6 Linnan aukio, Tampere.<\/p>\n<p>N\u00e4k\u00f6kulmille avoimessa ja keskustelullisessa seminaarissa valokuvaa ja raunioiden tematiikkaa pohditaan suhteessa \u2019nyt\u2019-hetken menneeseen ja tulevaan kurottavaan mieleen, materiaan ja yhteis\u00f6\u00f6n. Ohjelma:<\/p>\n<p>12.10 Tervetuloa<br \/>\n12.15 Harri Laakso: Valokuvista ja raunioista, ohimennen<br \/>\n12.35 Keskustelu<br \/>\n12.55 Tuija Lind: Katoavaisuuden s\u00e4ilytt\u00e4minen k\u00e4yt\u00e4nn\u00f6ss\u00e4<br \/>\n13.15 Tere Vad\u00e9n: \u2019Ohitetun vaiheen logiikka\u2019 ja raunioiden poissaolo<br \/>\n13.35 Tauko<br \/>\n13.50 N\u00e4yttelyyn tutustuminen<br \/>\n14.35 Tytti Rantanen: Kaaos hallitsee \u2013 Aavekaupungin mentaalinen topologia<br \/>\n14.55 Reijo Kupiainen: Mit\u00e4 enkeli katsoo?<br \/>\n15.15 Keskustelu<br \/>\n15.45 Kiitos<\/p>\n<p>Moderoi: Anni Ven\u00e4l\u00e4inen, Niilo Rinne. Tilaisuuden j\u00e4rjest\u00e4\u00e4 Aalto-yliopiston Taiteen ja suunnittelun korkeakoulun Porin yksikk\u00f6 yhteisty\u00f6ss\u00e4 Valokuvakeskus Nykyajan kanssa.<\/p>\n<p><img loading=\"lazy\" decoding=\"async\" class=\"alignnone wp-image-696\" src=\"http:\/\/valokuvakeskusnykyaika.fi\/wp-content\/uploads\/2013\/01\/NA-30-v-semma-3-290x290.jpg\" alt=\"NA 30 v semma 3\" width=\"232\" height=\"232\" \/><\/p>\n<p><strong>* Avoin haku <\/strong><strong>NYKYAJAN RAUNIOILLA -n\u00e4yttelyyn. Haku on sulkeutunut.<br \/>\n<\/strong><\/p>\n<p>*<strong> NOMAD STUDIO TALK 2012<\/strong><img loading=\"lazy\" decoding=\"async\" class=\"alignright wp-image-309\" src=\"http:\/\/valokuvakeskusnykyaika.fi\/wp-content\/uploads\/2013\/01\/seminaari-28-300x200.jpg\" alt=\"seminaari 28\" width=\"240\" height=\"160\" \/>:<\/p>\n<p><strong>N\u00e4k\u00f6kulmia kansainv\u00e4liseen taidemaailmaan<\/strong><\/p>\n<p>Torstai 26.1.2012 klo 17\u201319<br \/>\nViggo Wallensk\u00f6ld, kuvataiteilija<\/p>\n<p>Torstai 23.2.2012 klo 17\u201319<br \/>\nMarja Piril\u00e4, valokuvaaja<\/p>\n<p>Torstai 22.3.2012 klo 17\u201319<br \/>\nJoerg Bader, Directeur, Centre de la Photographie Gen\u00e8ve<br \/>\n(luento englanniksi)<\/p>\n<p>Torstai 26.4.2012 klo 17\u201319<br \/>\nAntti Pussinen, kuva- ja \u00e4\u00e4nitaiteilija<\/p>\n<p>Maksuttomat luennot pidet\u00e4\u00e4n Hiekan taidemuseossa, Pirkankatu 6, 33210 Tampere. Luentosarjan j\u00e4rjest\u00e4v\u00e4t Pirkanmaan taidetoimikunta, Hiekan taidemuseo, TAMKin kuvataiteen koulutusohjelma, Tampereen Taiteilijaseura ja Valokuvakeskus Nykyaika. Teemana ovat n\u00e4yttelyprojektit ulkomailla.<\/p>\n<h3><span style=\"text-decoration: underline;\">2011<\/span>:<\/h3>\n<p><strong>Kultaus -hanke<\/strong>:<br \/>\nKultaus-hanke vahvistaa Pirkanmaan alueella tapahtuvaa yhteisty\u00f6t\u00e4 kuntien ja kulttuuritoimijoiden v\u00e4lill\u00e4 v\u00e4heksym\u00e4tt\u00e4 pienint\u00e4k\u00e4\u00e4n kulttuuri-itua. Tavoitteena on mietti\u00e4 yhteisty\u00f6n mahdollisuuksia kuntarajat, taiteenalat tai perinteisen kulttuurin esitt\u00e4misfoorumit ylitt\u00e4en. Hankkeen tavoitteena on my\u00f6s l\u00f6yt\u00e4\u00e4 uusia keinoja ja resursseja ty\u00f6llist\u00e4\u00e4 alueen taiteilijoita.<\/p>\n<p>Hankkeen koordinaattorina toimii Anu Myll\u00e4ri ja p\u00e4\u00e4vastuullisena vet\u00e4j\u00e4n\u00e4 Pirkanmaan elokuvakeskus. Hanketta toteuttaa Pirkanmaalla toimivat elokuvan, valokuvan, tanssin ja lastenkulttuurin aluekeskukset sek\u00e4 aluetaidemuseo. Hanketta rahoittaa Pirkanmaan taidetoimikunta opetus- ja kulttuuriministeri\u00f6n erityisrahoituksella.<\/p>\n<p>Kultaus-hankkeen puitteissa j\u00e4rjestet\u00e4\u00e4n laaja maakunnallinen seminaarisarja \u201dSamassa veneess\u00e4 \u2013 kavereita ja rahaa\u201d, jossa keskityttiin konkreettiseen tekemiseen, ideointiin ja erilaisissa ty\u00f6ryhmiss\u00e4 osallistuvaan vuoropuheluun luentojen asemasta.<\/p>\n<p><img loading=\"lazy\" decoding=\"async\" class=\"alignnone size-thumbnail wp-image-705\" src=\"http:\/\/valokuvakeskusnykyaika.fi\/wp-content\/uploads\/2013\/01\/IMG_4427-290x290.jpg\" alt=\"kultaus2011\" width=\"290\" height=\"290\" \/><\/p>\n<p>Samassa veneess\u00e4 \u2013 kavereita ja rahaa \u2013ohjelma (vaihtelee paikkakunnittain jonkin verran):<\/p>\n<ul>\n<li>Teatteri Siperian esitys<\/li>\n<li>Moderaattori Kati Sirenin keskustelunavaus ja Kultauksen esittely<\/li>\n<li>Kuntalaisen puheenvuoro<\/li>\n<li>Aluekeskusten esitt\u00e4ytyminen ja yhteisty\u00f6haaste kuntalaisille<\/li>\n<li>Tauko<\/li>\n<li>Rahoitusten esittely ja yhteinen ohjeistus hakuihin. Ideat kehiin!<\/li>\n<li>Keskustelu pienryhmiss\u00e4 aluekeskusten asiantuntijoiden avustuksella. Yhteisty\u00f6t\u00e4 ja uusia kavereita!<\/li>\n<li>Yhteenveto: Ketk\u00e4 yhteisty\u00f6h\u00f6n ja mink\u00e4 tyyppisi\u00e4 hankkeita l\u00e4hdet\u00e4\u00e4n viem\u00e4\u00e4n eteenp\u00e4in?<\/li>\n<\/ul>","protected":false},"excerpt":{"rendered":"<p>Nykyaikaan on maksuton sis\u00e4\u00e4np\u00e4\u00e4sy. Tervetuloa! Tammikuussa: Anna Hyrkk\u00e4sen ja Heidi Saram\u00e4en taiteilijatapaaminen su 24.1.2021 klo 14-16. Taiteilijat esittelev\u00e4t n\u00e4yttelyns\u00e4 Varmuuden harhakuvitelmat III ja kertovat ty\u00f6skentelyst\u00e4\u00e4n . Tilaisuuteen on vapaa p\u00e4\u00e4sy, tervetuloa! \u00a0 \u00a0 HALUATKO TEHD\u00c4 YHTEISTY\u00d6T\u00c4? Galleriassamme pyrit\u00e4\u00e4n j\u00e4rjest\u00e4m\u00e4\u00e4n oheisohjelmaa joka kuukausi. Joskus tapahtumat tehd\u00e4\u00e4n pitk\u00e4ll\u00e4 harkinnalla, toisinaan nopeasti kokeillen. J\u00e4rjest\u00e4mme tapahtumia yhteisty\u00f6ss\u00e4 taiteilijoiden ja [&hellip;]<\/p>\n","protected":false},"author":6,"featured_media":0,"parent":0,"menu_order":3,"comment_status":"closed","ping_status":"open","template":"","meta":{"iawp_total_views":28,"footnotes":""},"class_list":["post-44","page","type-page","status-publish","hentry"],"yoast_head":"<!-- This site is optimized with the Yoast SEO plugin v27.4 - https:\/\/yoast.com\/product\/yoast-seo-wordpress\/ -->\n<title>Tapahtumat - Valokuvakeskus Nykyaika<\/title>\n<meta name=\"robots\" content=\"index, follow, max-snippet:-1, max-image-preview:large, max-video-preview:-1\" \/>\n<link rel=\"canonical\" href=\"https:\/\/valokuvakeskusnykyaika.fi\/en\/tapahtumat\/\" \/>\n<meta property=\"og:locale\" content=\"en_GB\" \/>\n<meta property=\"og:type\" content=\"article\" \/>\n<meta property=\"og:title\" content=\"Tapahtumat - Valokuvakeskus Nykyaika\" \/>\n<meta property=\"og:description\" content=\"Nykyaikaan on maksuton sis\u00e4\u00e4np\u00e4\u00e4sy. Tervetuloa! Tammikuussa: Anna Hyrkk\u00e4sen ja Heidi Saram\u00e4en taiteilijatapaaminen su 24.1.2021 klo 14-16. Taiteilijat esittelev\u00e4t n\u00e4yttelyns\u00e4 Varmuuden harhakuvitelmat III ja kertovat ty\u00f6skentelyst\u00e4\u00e4n . Tilaisuuteen on vapaa p\u00e4\u00e4sy, tervetuloa! \u00a0 \u00a0 HALUATKO TEHD\u00c4 YHTEISTY\u00d6T\u00c4? Galleriassamme pyrit\u00e4\u00e4n j\u00e4rjest\u00e4m\u00e4\u00e4n oheisohjelmaa joka kuukausi. Joskus tapahtumat tehd\u00e4\u00e4n pitk\u00e4ll\u00e4 harkinnalla, toisinaan nopeasti kokeillen. J\u00e4rjest\u00e4mme tapahtumia yhteisty\u00f6ss\u00e4 taiteilijoiden ja [&hellip;]\" \/>\n<meta property=\"og:url\" content=\"https:\/\/valokuvakeskusnykyaika.fi\/en\/tapahtumat\/\" \/>\n<meta property=\"og:site_name\" content=\"Valokuvakeskus Nykyaika\" \/>\n<meta property=\"article:publisher\" content=\"https:\/\/www.facebook.com\/valokuvakeskus.nykyaika\/\" \/>\n<meta property=\"article:modified_time\" content=\"2021-01-19T10:31:38+00:00\" \/>\n<meta property=\"og:image\" content=\"http:\/\/valokuvakeskusnykyaika.fi\/wp-content\/uploads\/2013\/01\/FullSizeRender-19-290x290.jpg\" \/>\n<meta name=\"twitter:card\" content=\"summary_large_image\" \/>\n<meta name=\"twitter:site\" content=\"@nykyaika\" \/>\n<meta name=\"twitter:label1\" content=\"Estimated reading time\" \/>\n\t<meta name=\"twitter:data1\" content=\"10 minutes\" \/>\n<script type=\"application\/ld+json\" class=\"yoast-schema-graph\">{\"@context\":\"https:\\\/\\\/schema.org\",\"@graph\":[{\"@type\":\"WebPage\",\"@id\":\"https:\\\/\\\/valokuvakeskusnykyaika.fi\\\/tapahtumat\\\/\",\"url\":\"https:\\\/\\\/valokuvakeskusnykyaika.fi\\\/tapahtumat\\\/\",\"name\":\"Tapahtumat - Valokuvakeskus Nykyaika\",\"isPartOf\":{\"@id\":\"https:\\\/\\\/valokuvakeskusnykyaika.fi\\\/#website\"},\"primaryImageOfPage\":{\"@id\":\"https:\\\/\\\/valokuvakeskusnykyaika.fi\\\/tapahtumat\\\/#primaryimage\"},\"image\":{\"@id\":\"https:\\\/\\\/valokuvakeskusnykyaika.fi\\\/tapahtumat\\\/#primaryimage\"},\"thumbnailUrl\":\"http:\\\/\\\/valokuvakeskusnykyaika.fi\\\/wp-content\\\/uploads\\\/2013\\\/01\\\/FullSizeRender-19-290x290.jpg\",\"datePublished\":\"2013-01-23T08:22:07+00:00\",\"dateModified\":\"2021-01-19T10:31:38+00:00\",\"breadcrumb\":{\"@id\":\"https:\\\/\\\/valokuvakeskusnykyaika.fi\\\/tapahtumat\\\/#breadcrumb\"},\"inLanguage\":\"en-GB\",\"potentialAction\":[{\"@type\":\"ReadAction\",\"target\":[\"https:\\\/\\\/valokuvakeskusnykyaika.fi\\\/tapahtumat\\\/\"]}]},{\"@type\":\"ImageObject\",\"inLanguage\":\"en-GB\",\"@id\":\"https:\\\/\\\/valokuvakeskusnykyaika.fi\\\/tapahtumat\\\/#primaryimage\",\"url\":\"http:\\\/\\\/valokuvakeskusnykyaika.fi\\\/wp-content\\\/uploads\\\/2013\\\/01\\\/FullSizeRender-19-290x290.jpg\",\"contentUrl\":\"http:\\\/\\\/valokuvakeskusnykyaika.fi\\\/wp-content\\\/uploads\\\/2013\\\/01\\\/FullSizeRender-19-290x290.jpg\"},{\"@type\":\"BreadcrumbList\",\"@id\":\"https:\\\/\\\/valokuvakeskusnykyaika.fi\\\/tapahtumat\\\/#breadcrumb\",\"itemListElement\":[{\"@type\":\"ListItem\",\"position\":1,\"name\":\"Etusivu\",\"item\":\"https:\\\/\\\/valokuvakeskusnykyaika.fi\\\/\"},{\"@type\":\"ListItem\",\"position\":2,\"name\":\"Tapahtumat\"}]},{\"@type\":\"WebSite\",\"@id\":\"https:\\\/\\\/valokuvakeskusnykyaika.fi\\\/#website\",\"url\":\"https:\\\/\\\/valokuvakeskusnykyaika.fi\\\/\",\"name\":\"Valokuvakeskus Nykyaika\",\"description\":\"Nykyaika on avoin kohtaamispaikka kaikille valokuvataiteen yst\u00e4ville\",\"publisher\":{\"@id\":\"https:\\\/\\\/valokuvakeskusnykyaika.fi\\\/#organization\"},\"potentialAction\":[{\"@type\":\"SearchAction\",\"target\":{\"@type\":\"EntryPoint\",\"urlTemplate\":\"https:\\\/\\\/valokuvakeskusnykyaika.fi\\\/?s={search_term_string}\"},\"query-input\":{\"@type\":\"PropertyValueSpecification\",\"valueRequired\":true,\"valueName\":\"search_term_string\"}}],\"inLanguage\":\"en-GB\"},{\"@type\":\"Organization\",\"@id\":\"https:\\\/\\\/valokuvakeskusnykyaika.fi\\\/#organization\",\"name\":\"Valokuvakeskus Nykyaika\",\"url\":\"https:\\\/\\\/valokuvakeskusnykyaika.fi\\\/\",\"logo\":{\"@type\":\"ImageObject\",\"inLanguage\":\"en-GB\",\"@id\":\"https:\\\/\\\/valokuvakeskusnykyaika.fi\\\/#\\\/schema\\\/logo\\\/image\\\/\",\"url\":\"https:\\\/\\\/valokuvakeskusnykyaika.fi\\\/wp-content\\\/uploads\\\/2019\\\/01\\\/NY-Valokuvakeskus-logo-pieni.png\",\"contentUrl\":\"https:\\\/\\\/valokuvakeskusnykyaika.fi\\\/wp-content\\\/uploads\\\/2019\\\/01\\\/NY-Valokuvakeskus-logo-pieni.png\",\"width\":300,\"height\":314,\"caption\":\"Valokuvakeskus Nykyaika\"},\"image\":{\"@id\":\"https:\\\/\\\/valokuvakeskusnykyaika.fi\\\/#\\\/schema\\\/logo\\\/image\\\/\"},\"sameAs\":[\"https:\\\/\\\/www.facebook.com\\\/valokuvakeskus.nykyaika\\\/\",\"https:\\\/\\\/x.com\\\/nykyaika\",\"https:\\\/\\\/www.instagram.com\\\/nykyaika\\\/\"]}]}<\/script>\n<!-- \/ Yoast SEO plugin. -->","yoast_head_json":{"title":"Tapahtumat - Valokuvakeskus Nykyaika","robots":{"index":"index","follow":"follow","max-snippet":"max-snippet:-1","max-image-preview":"max-image-preview:large","max-video-preview":"max-video-preview:-1"},"canonical":"https:\/\/valokuvakeskusnykyaika.fi\/en\/tapahtumat\/","og_locale":"en_GB","og_type":"article","og_title":"Tapahtumat - Valokuvakeskus Nykyaika","og_description":"Nykyaikaan on maksuton sis\u00e4\u00e4np\u00e4\u00e4sy. Tervetuloa! Tammikuussa: Anna Hyrkk\u00e4sen ja Heidi Saram\u00e4en taiteilijatapaaminen su 24.1.2021 klo 14-16. Taiteilijat esittelev\u00e4t n\u00e4yttelyns\u00e4 Varmuuden harhakuvitelmat III ja kertovat ty\u00f6skentelyst\u00e4\u00e4n . Tilaisuuteen on vapaa p\u00e4\u00e4sy, tervetuloa! \u00a0 \u00a0 HALUATKO TEHD\u00c4 YHTEISTY\u00d6T\u00c4? Galleriassamme pyrit\u00e4\u00e4n j\u00e4rjest\u00e4m\u00e4\u00e4n oheisohjelmaa joka kuukausi. Joskus tapahtumat tehd\u00e4\u00e4n pitk\u00e4ll\u00e4 harkinnalla, toisinaan nopeasti kokeillen. J\u00e4rjest\u00e4mme tapahtumia yhteisty\u00f6ss\u00e4 taiteilijoiden ja [&hellip;]","og_url":"https:\/\/valokuvakeskusnykyaika.fi\/en\/tapahtumat\/","og_site_name":"Valokuvakeskus Nykyaika","article_publisher":"https:\/\/www.facebook.com\/valokuvakeskus.nykyaika\/","article_modified_time":"2021-01-19T10:31:38+00:00","og_image":[{"url":"http:\/\/valokuvakeskusnykyaika.fi\/wp-content\/uploads\/2013\/01\/FullSizeRender-19-290x290.jpg","type":"","width":"","height":""}],"twitter_card":"summary_large_image","twitter_site":"@nykyaika","twitter_misc":{"Estimated reading time":"10 minutes"},"schema":{"@context":"https:\/\/schema.org","@graph":[{"@type":"WebPage","@id":"https:\/\/valokuvakeskusnykyaika.fi\/tapahtumat\/","url":"https:\/\/valokuvakeskusnykyaika.fi\/tapahtumat\/","name":"Tapahtumat - Valokuvakeskus Nykyaika","isPartOf":{"@id":"https:\/\/valokuvakeskusnykyaika.fi\/#website"},"primaryImageOfPage":{"@id":"https:\/\/valokuvakeskusnykyaika.fi\/tapahtumat\/#primaryimage"},"image":{"@id":"https:\/\/valokuvakeskusnykyaika.fi\/tapahtumat\/#primaryimage"},"thumbnailUrl":"http:\/\/valokuvakeskusnykyaika.fi\/wp-content\/uploads\/2013\/01\/FullSizeRender-19-290x290.jpg","datePublished":"2013-01-23T08:22:07+00:00","dateModified":"2021-01-19T10:31:38+00:00","breadcrumb":{"@id":"https:\/\/valokuvakeskusnykyaika.fi\/tapahtumat\/#breadcrumb"},"inLanguage":"en-GB","potentialAction":[{"@type":"ReadAction","target":["https:\/\/valokuvakeskusnykyaika.fi\/tapahtumat\/"]}]},{"@type":"ImageObject","inLanguage":"en-GB","@id":"https:\/\/valokuvakeskusnykyaika.fi\/tapahtumat\/#primaryimage","url":"http:\/\/valokuvakeskusnykyaika.fi\/wp-content\/uploads\/2013\/01\/FullSizeRender-19-290x290.jpg","contentUrl":"http:\/\/valokuvakeskusnykyaika.fi\/wp-content\/uploads\/2013\/01\/FullSizeRender-19-290x290.jpg"},{"@type":"BreadcrumbList","@id":"https:\/\/valokuvakeskusnykyaika.fi\/tapahtumat\/#breadcrumb","itemListElement":[{"@type":"ListItem","position":1,"name":"Etusivu","item":"https:\/\/valokuvakeskusnykyaika.fi\/"},{"@type":"ListItem","position":2,"name":"Tapahtumat"}]},{"@type":"WebSite","@id":"https:\/\/valokuvakeskusnykyaika.fi\/#website","url":"https:\/\/valokuvakeskusnykyaika.fi\/","name":"Photographic Centre Nykyaika","description":"Nykyaika on avoin kohtaamispaikka kaikille valokuvataiteen yst\u00e4ville","publisher":{"@id":"https:\/\/valokuvakeskusnykyaika.fi\/#organization"},"potentialAction":[{"@type":"SearchAction","target":{"@type":"EntryPoint","urlTemplate":"https:\/\/valokuvakeskusnykyaika.fi\/?s={search_term_string}"},"query-input":{"@type":"PropertyValueSpecification","valueRequired":true,"valueName":"search_term_string"}}],"inLanguage":"en-GB"},{"@type":"Organization","@id":"https:\/\/valokuvakeskusnykyaika.fi\/#organization","name":"Photographic Centre Nykyaika","url":"https:\/\/valokuvakeskusnykyaika.fi\/","logo":{"@type":"ImageObject","inLanguage":"en-GB","@id":"https:\/\/valokuvakeskusnykyaika.fi\/#\/schema\/logo\/image\/","url":"https:\/\/valokuvakeskusnykyaika.fi\/wp-content\/uploads\/2019\/01\/NY-Valokuvakeskus-logo-pieni.png","contentUrl":"https:\/\/valokuvakeskusnykyaika.fi\/wp-content\/uploads\/2019\/01\/NY-Valokuvakeskus-logo-pieni.png","width":300,"height":314,"caption":"Valokuvakeskus Nykyaika"},"image":{"@id":"https:\/\/valokuvakeskusnykyaika.fi\/#\/schema\/logo\/image\/"},"sameAs":["https:\/\/www.facebook.com\/valokuvakeskus.nykyaika\/","https:\/\/x.com\/nykyaika","https:\/\/www.instagram.com\/nykyaika\/"]}]}},"_links":{"self":[{"href":"http:\/\/valokuvakeskusnykyaika.fi\/en\/wp-json\/wp\/v2\/pages\/44","targetHints":{"allow":["GET"]}}],"collection":[{"href":"http:\/\/valokuvakeskusnykyaika.fi\/en\/wp-json\/wp\/v2\/pages"}],"about":[{"href":"http:\/\/valokuvakeskusnykyaika.fi\/en\/wp-json\/wp\/v2\/types\/page"}],"author":[{"embeddable":true,"href":"http:\/\/valokuvakeskusnykyaika.fi\/en\/wp-json\/wp\/v2\/users\/6"}],"replies":[{"embeddable":true,"href":"http:\/\/valokuvakeskusnykyaika.fi\/en\/wp-json\/wp\/v2\/comments?post=44"}],"version-history":[{"count":177,"href":"http:\/\/valokuvakeskusnykyaika.fi\/en\/wp-json\/wp\/v2\/pages\/44\/revisions"}],"predecessor-version":[{"id":4572,"href":"http:\/\/valokuvakeskusnykyaika.fi\/en\/wp-json\/wp\/v2\/pages\/44\/revisions\/4572"}],"wp:attachment":[{"href":"http:\/\/valokuvakeskusnykyaika.fi\/en\/wp-json\/wp\/v2\/media?parent=44"}],"curies":[{"name":"wp","href":"https:\/\/api.w.org\/{rel}","templated":true}]}}