{"version":"1.0","provider_name":"Photographic Centre Nykyaika","provider_url":"https:\/\/valokuvakeskusnykyaika.fi\/en","title":"Nykyajan j\u00e4senist\u00f6: Ballads - Valokuvakeskus Nykyaika","type":"rich","width":600,"height":338,"html":"<blockquote class=\"wp-embedded-content\" data-secret=\"Pwv3UyPEYH\"><a href=\"https:\/\/valokuvakeskusnykyaika.fi\/en\/nykyajan-jaseniston-nayttely-ballads\/\">Nykyajan j\u00e4senist\u00f6: Ballads<\/a><\/blockquote><iframe sandbox=\"allow-scripts\" security=\"restricted\" src=\"https:\/\/valokuvakeskusnykyaika.fi\/en\/nykyajan-jaseniston-nayttely-ballads\/embed\/#?secret=Pwv3UyPEYH\" width=\"600\" height=\"338\" title=\"&#8220;Nykyajan j\u00e4senist\u00f6: Ballads&#8221; &#8212; Valokuvakeskus Nykyaika\" data-secret=\"Pwv3UyPEYH\" frameborder=\"0\" marginwidth=\"0\" marginheight=\"0\" scrolling=\"no\" class=\"wp-embedded-content\"><\/iframe><script type=\"text\/javascript\">\n\/* <![CDATA[ *\/\n\/*! This file is auto-generated *\/\n!function(d,l){\"use strict\";l.querySelector&&d.addEventListener&&\"undefined\"!=typeof URL&&(d.wp=d.wp||{},d.wp.receiveEmbedMessage||(d.wp.receiveEmbedMessage=function(e){var t=e.data;if((t||t.secret||t.message||t.value)&&!\/[^a-zA-Z0-9]\/.test(t.secret)){for(var s,r,n,a=l.querySelectorAll('iframe[data-secret=\"'+t.secret+'\"]'),o=l.querySelectorAll('blockquote[data-secret=\"'+t.secret+'\"]'),c=new RegExp(\"^https?:$\",\"i\"),i=0;i<o.length;i++)o[i].style.display=\"none\";for(i=0;i<a.length;i++)s=a[i],e.source===s.contentWindow&&(s.removeAttribute(\"style\"),\"height\"===t.message?(1e3<(r=parseInt(t.value,10))?r=1e3:~~r<200&&(r=200),s.height=r):\"link\"===t.message&&(r=new URL(s.getAttribute(\"src\")),n=new URL(t.value),c.test(n.protocol))&&n.host===r.host&&l.activeElement===s&&(d.top.location.href=t.value))}},d.addEventListener(\"message\",d.wp.receiveEmbedMessage,!1),l.addEventListener(\"DOMContentLoaded\",function(){for(var e,t,s=l.querySelectorAll(\"iframe.wp-embedded-content\"),r=0;r<s.length;r++)(t=(e=s[r]).getAttribute(\"data-secret\"))||(t=Math.random().toString(36).substring(2,12),e.src+=\"#?secret=\"+t,e.setAttribute(\"data-secret\",t)),e.contentWindow.postMessage({message:\"ready\",secret:t},\"*\")},!1)))}(window,document);\n\/\/# sourceURL=https:\/\/valokuvakeskusnykyaika.fi\/wp-includes\/js\/wp-embed.min.js\n\/* ]]> *\/\n<\/script>","thumbnail_url":"https:\/\/valokuvakeskusnykyaika.fi\/wp-content\/uploads\/2021\/08\/Emilperho.jpg","thumbnail_width":2448,"thumbnail_height":3264,"description":"4.9.-27.9.2021 Nykyajan Studion yhteisn\u00e4yttely Ballads koostuu valokuvakeskuksen j\u00e4senist\u00f6n valokuvallista balladeista. Balladit ovat lauluja yhteis\u00f6n j\u00e4senten el\u00e4mist\u00e4, taiteen tekemisest\u00e4 ja yksil\u00f6llisist\u00e4 olemisen ja kuvaamisen tavoista. Teosten lyyrinen ja romanttinen, mutta samaan aikaan synkk\u00e4kin maailma kertoo toisistaan hyvin erilaisia tarinoita. N\u00e4yttely kokoaa yhteen temaattisesti ja muodollisesti runsaan kokonaisuuden, jossa \u00e4\u00e4neen p\u00e4\u00e4sev\u00e4t Nykyajan j\u00e4senet. N\u00e4yttelyyn osallistuu sek\u00e4 kokeneempia [&hellip;]"}