{"version":"1.0","provider_name":"Photographic Centre Nykyaika","provider_url":"https:\/\/valokuvakeskusnykyaika.fi\/en","title":"Sami Kulju: Ep\u00e4lineaarinen P\u00e4iv\u00e4kirja 2008 - 2013 - Valokuvakeskus Nykyaika","type":"rich","width":600,"height":338,"html":"<blockquote class=\"wp-embedded-content\" data-secret=\"kqXKBDVU8O\"><a href=\"https:\/\/valokuvakeskusnykyaika.fi\/en\/sami-kulju-epalineaarinen-paivakirja-2008-2013\/\">Sami Kulju: Ep\u00e4lineaarinen P\u00e4iv\u00e4kirja 2008 &#8211; 2013<\/a><\/blockquote><iframe sandbox=\"allow-scripts\" security=\"restricted\" src=\"https:\/\/valokuvakeskusnykyaika.fi\/en\/sami-kulju-epalineaarinen-paivakirja-2008-2013\/embed\/#?secret=kqXKBDVU8O\" width=\"600\" height=\"338\" title=\"&#8220;Sami Kulju: Ep\u00e4lineaarinen P\u00e4iv\u00e4kirja 2008 &#8211; 2013&#8221; &#8212; Valokuvakeskus Nykyaika\" data-secret=\"kqXKBDVU8O\" frameborder=\"0\" marginwidth=\"0\" marginheight=\"0\" scrolling=\"no\" class=\"wp-embedded-content\"><\/iframe><script type=\"text\/javascript\">\n\/* <![CDATA[ *\/\n\/*! This file is auto-generated *\/\n!function(d,l){\"use strict\";l.querySelector&&d.addEventListener&&\"undefined\"!=typeof URL&&(d.wp=d.wp||{},d.wp.receiveEmbedMessage||(d.wp.receiveEmbedMessage=function(e){var t=e.data;if((t||t.secret||t.message||t.value)&&!\/[^a-zA-Z0-9]\/.test(t.secret)){for(var s,r,n,a=l.querySelectorAll('iframe[data-secret=\"'+t.secret+'\"]'),o=l.querySelectorAll('blockquote[data-secret=\"'+t.secret+'\"]'),c=new RegExp(\"^https?:$\",\"i\"),i=0;i<o.length;i++)o[i].style.display=\"none\";for(i=0;i<a.length;i++)s=a[i],e.source===s.contentWindow&&(s.removeAttribute(\"style\"),\"height\"===t.message?(1e3<(r=parseInt(t.value,10))?r=1e3:~~r<200&&(r=200),s.height=r):\"link\"===t.message&&(r=new URL(s.getAttribute(\"src\")),n=new URL(t.value),c.test(n.protocol))&&n.host===r.host&&l.activeElement===s&&(d.top.location.href=t.value))}},d.addEventListener(\"message\",d.wp.receiveEmbedMessage,!1),l.addEventListener(\"DOMContentLoaded\",function(){for(var e,t,s=l.querySelectorAll(\"iframe.wp-embedded-content\"),r=0;r<s.length;r++)(t=(e=s[r]).getAttribute(\"data-secret\"))||(t=Math.random().toString(36).substring(2,12),e.src+=\"#?secret=\"+t,e.setAttribute(\"data-secret\",t)),e.contentWindow.postMessage({message:\"ready\",secret:t},\"*\")},!1)))}(window,document);\n\/\/# sourceURL=https:\/\/valokuvakeskusnykyaika.fi\/wp-includes\/js\/wp-embed.min.js\n\/* ]]> *\/\n<\/script>","thumbnail_url":"https:\/\/valokuvakeskusnykyaika.fi\/wp-content\/uploads\/2013\/05\/28.4.2013_S.K..jpg","thumbnail_width":1772,"thumbnail_height":1772,"description":"TR1 Taidehalli, parvi 17.8.-15.9.2013 Visuaalinen havainto muuttuu l\u00f6yd\u00f6ksi. Sen \u00e4rsyke on alitajunnassa ja kuvastaa sen hetken tunteita, mielialaa ja niit\u00e4 ajatuksia jotka kiert\u00e4v\u00e4t juuri ja juuri pinnan alla. Min\u00e4 uskon t\u00e4h\u00e4n. Tallentamalla nuo l\u00f6yd\u00f6t valokuviksi haluan tutkia t\u00e4m\u00e4n uskomukseni ja todellisuuden suhdetta. Pitk\u00e4ll\u00e4 aikav\u00e4lill\u00e4 usko ei riit\u00e4. Tarvitsen todisteita. Kuvallinen p\u00e4iv\u00e4kirja on p\u00e4tev\u00e4 siin\u00e4 kuin [&hellip;]"}